{"id":989552,"date":"2023-10-03T15:56:14","date_gmt":"2023-10-03T18:56:14","guid":{"rendered":"https:\/\/pousadaprado.adv.br\/responsabilidade-social\/"},"modified":"2024-08-27T15:23:13","modified_gmt":"2024-08-27T18:23:13","slug":"responsabilidad-social","status":"publish","type":"page","link":"https:\/\/pousadaprado.adv.br\/es\/responsabilidad-social\/","title":{"rendered":"Responsabilidad Social"},"content":{"rendered":"\t\t<div data-elementor-type=\"wp-page\" data-elementor-id=\"989552\" class=\"elementor elementor-989552 elementor-987886\" data-elementor-post-type=\"page\">\n\t\t\t\t\t\t<section class=\"elementor-section elementor-top-section elementor-element elementor-element-f929618 elementor-section-height-min-height elementor-section-boxed elementor-section-height-default elementor-section-items-middle\" data-id=\"f929618\" data-element_type=\"section\" data-settings=\"{&quot;background_background&quot;:&quot;classic&quot;,&quot;animation&quot;:&quot;none&quot;}\">\n\t\t\t\t\t\t\t<div class=\"elementor-background-overlay\"><\/div>\n\t\t\t\t\t\t\t<div class=\"elementor-container elementor-column-gap-no\">\n\t\t\t\t\t<div class=\"elementor-column elementor-col-100 elementor-top-column elementor-element elementor-element-da2176e\" data-id=\"da2176e\" data-element_type=\"column\">\n\t\t\t<div class=\"elementor-widget-wrap elementor-element-populated\">\n\t\t\t\t\t\t<div class=\"elementor-element elementor-element-b3f061b elementor-widget elementor-widget-heading\" data-id=\"b3f061b\" data-element_type=\"widget\" data-settings=\"{&quot;_animation&quot;:&quot;none&quot;,&quot;_animation_tablet&quot;:&quot;none&quot;}\" data-widget_type=\"heading.default\">\n\t\t\t\t<div class=\"elementor-widget-container\">\n\t\t\t<style>\/*! elementor - v3.20.0 - 20-03-2024 *\/\n.elementor-heading-title{padding:0;margin:0;line-height:1}.elementor-widget-heading .elementor-heading-title[class*=elementor-size-]>a{color:inherit;font-size:inherit;line-height:inherit}.elementor-widget-heading .elementor-heading-title.elementor-size-small{font-size:15px}.elementor-widget-heading .elementor-heading-title.elementor-size-medium{font-size:19px}.elementor-widget-heading .elementor-heading-title.elementor-size-large{font-size:29px}.elementor-widget-heading .elementor-heading-title.elementor-size-xl{font-size:39px}.elementor-widget-heading .elementor-heading-title.elementor-size-xxl{font-size:59px}<\/style><h1 class=\"elementor-heading-title elementor-size-default\">Responsabilidad Social<\/h1>\t\t<\/div>\n\t\t\t\t<\/div>\n\t\t\t\t\t<\/div>\n\t\t<\/div>\n\t\t\t\t\t<\/div>\n\t\t<\/section>\n\t\t\t\t<section class=\"elementor-section elementor-top-section elementor-element elementor-element-c2db08a elementor-section-boxed elementor-section-height-default elementor-section-height-default\" data-id=\"c2db08a\" data-element_type=\"section\" data-settings=\"{&quot;background_background&quot;:&quot;classic&quot;}\">\n\t\t\t\t\t\t<div class=\"elementor-container elementor-column-gap-no\">\n\t\t\t\t\t<div class=\"elementor-column elementor-col-100 elementor-top-column elementor-element elementor-element-2315ac6\" data-id=\"2315ac6\" data-element_type=\"column\">\n\t\t\t<div class=\"elementor-widget-wrap elementor-element-populated\">\n\t\t\t\t\t\t<div class=\"elementor-element elementor-element-223e4ed elementor-invisible elementor-widget elementor-widget-heading\" data-id=\"223e4ed\" data-element_type=\"widget\" data-settings=\"{&quot;_animation&quot;:&quot;fadeInUp&quot;,&quot;_animation_tablet&quot;:&quot;none&quot;,&quot;_animation_delay&quot;:200}\" data-widget_type=\"heading.default\">\n\t\t\t\t<div class=\"elementor-widget-container\">\n\t\t\t<h2 class=\"elementor-heading-title elementor-size-default\">Acciones y posicionamiento<\/h2>\t\t<\/div>\n\t\t\t\t<\/div>\n\t\t<div class=\"elementor-element elementor-element-a2ac399 e-flex e-con-boxed e-con e-parent\" data-id=\"a2ac399\" data-element_type=\"container\" data-core-v316-plus=\"true\">\n\t\t\t\t\t<div class=\"e-con-inner\">\n\t\t<div class=\"elementor-element elementor-element-206242d e-con-full e-flex e-con e-child\" data-id=\"206242d\" data-element_type=\"container\">\n\t\t\t\t<div class=\"elementor-element elementor-element-21b2334 elementor-widget elementor-widget-text-editor\" data-id=\"21b2334\" data-element_type=\"widget\" data-widget_type=\"text-editor.default\">\n\t\t\t\t<div class=\"elementor-widget-container\">\n\t\t\t<style>\/*! elementor - v3.20.0 - 20-03-2024 *\/\n.elementor-widget-text-editor.elementor-drop-cap-view-stacked .elementor-drop-cap{background-color:#69727d;color:#fff}.elementor-widget-text-editor.elementor-drop-cap-view-framed .elementor-drop-cap{color:#69727d;border:3px solid;background-color:transparent}.elementor-widget-text-editor:not(.elementor-drop-cap-view-default) .elementor-drop-cap{margin-top:8px}.elementor-widget-text-editor:not(.elementor-drop-cap-view-default) .elementor-drop-cap-letter{width:1em;height:1em}.elementor-widget-text-editor .elementor-drop-cap{float:left;text-align:center;line-height:1;font-size:50px}.elementor-widget-text-editor .elementor-drop-cap-letter{display:inline-block}<\/style>\t\t\t\t<p>La Responsabilidad Social aqu\u00ed en Pousada Prado Advogados Asociados es un compromiso fundamental que trasciende la prestaci\u00f3n de servicios legales, extendi\u00e9ndose al compromiso activo y \u00e9tico con la comunidad y el medio ambiente. Adem\u00e1s de representar y defender los intereses legales de los clientes, los abogados tienen la responsabilidad de contribuir positivamente a la sociedad en su conjunto.<\/p><p>La promoci\u00f3n responsable abarca varias dimensiones, desde promover el acceso a la justicia para grupos vulnerables hasta la participaci\u00f3n proactiva en causas que apuntan al bienestar colectivo. Esto puede incluir ofrecer asistencia legal gratuita o asequible, participar en programas comunitarios de educaci\u00f3n jur\u00eddica y defensa de los derechos humanos.<\/p>\t\t\t\t\t\t<\/div>\n\t\t\t\t<\/div>\n\t\t\t\t<\/div>\n\t\t<div class=\"elementor-element elementor-element-2a929a5 e-con-full e-flex e-con e-child\" data-id=\"2a929a5\" data-element_type=\"container\">\n\t\t\t\t<div class=\"elementor-element elementor-element-9964ff2 elementor-widget elementor-widget-text-editor\" data-id=\"9964ff2\" data-element_type=\"widget\" data-widget_type=\"text-editor.default\">\n\t\t\t\t<div class=\"elementor-widget-container\">\n\t\t\t\t\t\t\t<p>Adem\u00e1s, los profesionales de Pousada Prado Advogados Asociados desempe\u00f1an un papel esencial en la promoci\u00f3n de la \u00e9tica en los negocios y en la sociedad, fomentando pr\u00e1cticas comerciales responsables y sostenibles. Pueden orientar a las organizaciones sobre pol\u00edticas anticorrupci\u00f3n, pr\u00e1cticas ambientales responsables y garant\u00eda de condiciones laborales justas.<\/p><p>La Responsabilidad Social se extiende tambi\u00e9n al \u00e1mbito interno de los despachos de abogados, abarcando pr\u00e1cticas \u00e9ticas de gesti\u00f3n de recursos humanos y la promoci\u00f3n de un entorno laboral inclusivo y diverso.<\/p>\t\t\t\t\t\t<\/div>\n\t\t\t\t<\/div>\n\t\t\t\t<\/div>\n\t\t\t\t\t<\/div>\n\t\t\t\t<\/div>\n\t\t\t\t\t<\/div>\n\t\t<\/div>\n\t\t\t\t\t<\/div>\n\t\t<\/section>\n\t\t\t\t<section class=\"elementor-section elementor-top-section elementor-element elementor-element-5610337 elementor-section-boxed elementor-section-height-default elementor-section-height-default\" data-id=\"5610337\" data-element_type=\"section\">\n\t\t\t\t\t\t<div class=\"elementor-container elementor-column-gap-no\">\n\t\t\t\t\t<div class=\"elementor-column elementor-col-100 elementor-top-column elementor-element elementor-element-aa65eec\" data-id=\"aa65eec\" data-element_type=\"column\">\n\t\t\t<div class=\"elementor-widget-wrap elementor-element-populated\">\n\t\t\t\t\t\t<div class=\"elementor-element elementor-element-4348617 elementor-widget elementor-widget-heading\" data-id=\"4348617\" data-element_type=\"widget\" data-widget_type=\"heading.default\">\n\t\t\t\t<div class=\"elementor-widget-container\">\n\t\t\t<h6 class=\"elementor-heading-title elementor-size-default\">A qui\u00e9nes ayudamos<\/h6>\t\t<\/div>\n\t\t\t\t<\/div>\n\t\t\t\t<section class=\"elementor-section elementor-inner-section elementor-element elementor-element-06c145d elementor-section-content-middle elementor-section-boxed elementor-section-height-default elementor-section-height-default\" data-id=\"06c145d\" data-element_type=\"section\">\n\t\t\t\t\t\t<div class=\"elementor-container elementor-column-gap-no\">\n\t\t\t\t\t<div class=\"elementor-column elementor-col-20 elementor-inner-column elementor-element elementor-element-a36f4bc\" data-id=\"a36f4bc\" data-element_type=\"column\">\n\t\t\t<div class=\"elementor-widget-wrap elementor-element-populated\">\n\t\t\t\t\t\t<div class=\"vamtam-has-theme-widget-styles elementor-element elementor-element-275b86e elementor-widget elementor-widget-image\" data-id=\"275b86e\" data-element_type=\"widget\" data-widget_type=\"image.default\">\n\t\t\t\t<div class=\"elementor-widget-container\">\n\t\t\t<style>\/*! elementor - v3.20.0 - 20-03-2024 *\/\n.elementor-widget-image{text-align:center}.elementor-widget-image a{display:inline-block}.elementor-widget-image a img[src$=\".svg\"]{width:48px}.elementor-widget-image img{vertical-align:middle;display:inline-block}<\/style>\t\t\t\t<div class=\"elementor-image\">\n\t\t\t\t\t\t\t\t\t\t\t\t\t\t\t\t\t\t\t\t\t\t<a href=\"https:\/\/rosaliadecastro.org.br\/\" target=\"_blank\">\n\t\t\t\t\t\t\t\t\t\t\t<img fetchpriority=\"high\" decoding=\"async\" width=\"600\" height=\"300\" src=\"https:\/\/pousadaprado.adv.br\/wp-content\/uploads\/2023\/10\/logo-rosaliadecastro.png\" class=\"attachment-full size-full wp-image-988518\" alt=\"\" srcset=\"https:\/\/pousadaprado.adv.br\/wp-content\/uploads\/2023\/10\/logo-rosaliadecastro.png 600w, https:\/\/pousadaprado.adv.br\/wp-content\/uploads\/2023\/10\/logo-rosaliadecastro-300x150.png 300w\" sizes=\"(max-width: 600px) 100vw, 600px\" \/>\t\t\t\t\t\t\t\t\t\t\t\t<\/a>\n\t\t\t\t\t\t\t\t\t\t\t\t\t\t\t\t\t\t\t\t\t\t\t\t<\/div>\n\t\t\t\t\t\t<\/div>\n\t\t\t\t<\/div>\n\t\t\t\t\t<\/div>\n\t\t<\/div>\n\t\t\t\t<div class=\"elementor-column elementor-col-20 elementor-inner-column elementor-element elementor-element-710a314\" data-id=\"710a314\" data-element_type=\"column\">\n\t\t\t<div class=\"elementor-widget-wrap\">\n\t\t\t\t\t\t\t<\/div>\n\t\t<\/div>\n\t\t\t\t<div class=\"elementor-column elementor-col-20 elementor-inner-column elementor-element elementor-element-056c504\" data-id=\"056c504\" data-element_type=\"column\">\n\t\t\t<div class=\"elementor-widget-wrap\">\n\t\t\t\t\t\t\t<\/div>\n\t\t<\/div>\n\t\t\t\t<div class=\"elementor-column elementor-col-20 elementor-inner-column elementor-element elementor-element-84b2d54\" data-id=\"84b2d54\" data-element_type=\"column\">\n\t\t\t<div class=\"elementor-widget-wrap\">\n\t\t\t\t\t\t\t<\/div>\n\t\t<\/div>\n\t\t\t\t<div class=\"elementor-column elementor-col-20 elementor-inner-column elementor-element elementor-element-4f1f2d7\" data-id=\"4f1f2d7\" data-element_type=\"column\">\n\t\t\t<div class=\"elementor-widget-wrap\">\n\t\t\t\t\t\t\t<\/div>\n\t\t<\/div>\n\t\t\t\t\t<\/div>\n\t\t<\/section>\n\t\t\t\t\t<\/div>\n\t\t<\/div>\n\t\t\t\t\t<\/div>\n\t\t<\/section>\n\t\t\t\t<section class=\"elementor-section elementor-top-section elementor-element elementor-element-f380936 elementor-section-boxed elementor-section-height-default elementor-section-height-default\" data-id=\"f380936\" data-element_type=\"section\">\n\t\t\t\t\t\t<div class=\"elementor-container elementor-column-gap-no\">\n\t\t\t\t\t<div class=\"elementor-column elementor-col-50 elementor-top-column elementor-element elementor-element-8946d88\" data-id=\"8946d88\" data-element_type=\"column\">\n\t\t\t<div class=\"elementor-widget-wrap elementor-element-populated\">\n\t\t\t\t\t\t<div class=\"elementor-element elementor-element-c820336 elementor-widget elementor-widget-text-editor\" data-id=\"c820336\" data-element_type=\"widget\" data-settings=\"{&quot;_animation&quot;:&quot;none&quot;,&quot;_animation_tablet&quot;:&quot;none&quot;}\" data-widget_type=\"text-editor.default\">\n\t\t\t\t<div class=\"elementor-widget-container\">\n\t\t\t\t\t\t\t<p>Adicional<br \/>complementario<\/p>\t\t\t\t\t\t<\/div>\n\t\t\t\t<\/div>\n\t\t\t\t\t<\/div>\n\t\t<\/div>\n\t\t\t\t<div class=\"elementor-column elementor-col-50 elementor-top-column elementor-element elementor-element-80b9738\" data-id=\"80b9738\" data-element_type=\"column\">\n\t\t\t<div class=\"elementor-widget-wrap elementor-element-populated\">\n\t\t\t\t\t\t<div class=\"vamtam-has-theme-widget-styles elementor-element elementor-element-fc63d56 elementor-widget elementor-widget-toggle\" data-id=\"fc63d56\" data-element_type=\"widget\" data-widget_type=\"toggle.default\">\n\t\t\t\t<div class=\"elementor-widget-container\">\n\t\t\t<style>\/*! elementor - v3.20.0 - 20-03-2024 *\/\n.elementor-toggle{text-align:left}.elementor-toggle .elementor-tab-title{font-weight:700;line-height:1;margin:0;padding:15px;border-bottom:1px solid #d5d8dc;cursor:pointer;outline:none}.elementor-toggle .elementor-tab-title .elementor-toggle-icon{display:inline-block;width:1em}.elementor-toggle .elementor-tab-title .elementor-toggle-icon svg{margin-inline-start:-5px;width:1em;height:1em}.elementor-toggle .elementor-tab-title .elementor-toggle-icon.elementor-toggle-icon-right{float:right;text-align:right}.elementor-toggle .elementor-tab-title .elementor-toggle-icon.elementor-toggle-icon-left{float:left;text-align:left}.elementor-toggle .elementor-tab-title .elementor-toggle-icon .elementor-toggle-icon-closed{display:block}.elementor-toggle .elementor-tab-title .elementor-toggle-icon .elementor-toggle-icon-opened{display:none}.elementor-toggle .elementor-tab-title.elementor-active{border-bottom:none}.elementor-toggle .elementor-tab-title.elementor-active .elementor-toggle-icon-closed{display:none}.elementor-toggle .elementor-tab-title.elementor-active .elementor-toggle-icon-opened{display:block}.elementor-toggle .elementor-tab-content{padding:15px;border-bottom:1px solid #d5d8dc;display:none}@media (max-width:767px){.elementor-toggle .elementor-tab-title{padding:12px}.elementor-toggle .elementor-tab-content{padding:12px 10px}}.e-con-inner>.elementor-widget-toggle,.e-con>.elementor-widget-toggle{width:var(--container-widget-width);--flex-grow:var(--container-widget-flex-grow)}<\/style>\t\t<div class=\"elementor-toggle\">\n\t\t\t\t\t\t\t<div class=\"elementor-toggle-item\">\n\t\t\t\t\t<div id=\"elementor-tab-title-2641\" class=\"elementor-tab-title\" data-tab=\"1\" role=\"button\" aria-controls=\"elementor-tab-content-2641\" aria-expanded=\"false\">\n\t\t\t\t\t\t\t\t\t\t\t\t<span class=\"elementor-toggle-icon elementor-toggle-icon-left\" aria-hidden=\"true\">\n\t\t\t\t\t\t\t\t\t\t\t\t\t\t\t<span class=\"elementor-toggle-icon-closed\"><i class=\"vamtamtheme- vamtam-theme-icon-plus\"><\/i><\/span>\n\t\t\t\t\t\t\t\t<span class=\"elementor-toggle-icon-opened\"><i class=\"elementor-toggle-icon-opened vamtamtheme- vamtam-theme-icon-minus\"><\/i><\/span>\n\t\t\t\t\t\t\t\t\t\t\t\t\t<\/span>\n\t\t\t\t\t\t\t\t\t\t\t\t<a class=\"elementor-toggle-title\" tabindex=\"0\">Sociedad de Beneficencia Rosal\u00eda de Castro<\/a>\n\t\t\t\t\t<\/div>\n\n\t\t\t\t\t<div id=\"elementor-tab-content-2641\" class=\"elementor-tab-content elementor-clearfix\" data-tab=\"1\" role=\"region\" aria-labelledby=\"elementor-tab-title-2641\"><p>En la segunda mitad de los a\u00f1os setenta, el Consulado General de Espa\u00f1a y la entonces Agregadur\u00eda Laboral (hoy Consejer\u00eda de Trabajo, Migraciones y Seguridad Social) celebraron una serie de reuniones sobre la inmigraci\u00f3n espa\u00f1ola. Estos encuentros reunieron a un n\u00famero considerable de inmigrantes y permitieron identificar las preocupaciones y aspiraciones de la comunidad espa\u00f1ola en S\u00e3o Paulo. El objetivo era establecer una estructura social que pudiera satisfacer las necesidades de estas personas.<\/p><p>Como resultado de estas iniciativas y tras a\u00f1os de dedicaci\u00f3n, el 11 de noviembre de 1981, la \u00abSOCIEDADE BENEFICENTE ROSAL\u00cdA DE CASTRO\u00bb inici\u00f3 su andadura en S\u00e3o Paulo. Su principal misi\u00f3n era valorar y dignificar a los inmigrantes menos favorecidos, ofreciendo apoyo a los ancianos necesitados y a los marginados sociales. Para estas personas, la experiencia de la inmigraci\u00f3n representaba una realidad ardua y compleja.<\/p><p>A lo largo de m\u00e1s de 40 a\u00f1os de actividad ininterrumpida, la organizaci\u00f3n ha acumulado una valiosa experiencia y una s\u00f3lida estructura, que incluye una sede, un equipo de profesionales dedicados y un grupo de voluntarios comprometidos. Rosal\u00eda de Castro ha trabajado incansablemente para prestar asistencia y apoyo a la comunidad necesitada.<\/p><\/div>\n\t\t\t\t<\/div>\n\t\t\t\t\t\t\t\t\t\t<script type=\"application\/ld+json\">{\"@context\":\"https:\\\/\\\/schema.org\",\"@type\":\"FAQPage\",\"mainEntity\":[{\"@type\":\"Question\",\"name\":\"Sociedad de Beneficencia Rosal\\u00eda de Castro\",\"acceptedAnswer\":{\"@type\":\"Answer\",\"text\":\"<p>En la segunda mitad de los a\\u00f1os setenta, el Consulado General de Espa\\u00f1a y la entonces Agregadur\\u00eda Laboral (hoy Consejer\\u00eda de Trabajo, Migraciones y Seguridad Social) celebraron una serie de reuniones sobre la inmigraci\\u00f3n espa\\u00f1ola. Estos encuentros reunieron a un n\\u00famero considerable de inmigrantes y permitieron identificar las preocupaciones y aspiraciones de la comunidad espa\\u00f1ola en S\\u00e3o Paulo. El objetivo era establecer una estructura social que pudiera satisfacer las necesidades de estas personas.<\\\/p><p>Como resultado de estas iniciativas y tras a\\u00f1os de dedicaci\\u00f3n, el 11 de noviembre de 1981, la \\u00abSOCIEDADE BENEFICENTE ROSAL\\u00cdA DE CASTRO\\u00bb inici\\u00f3 su andadura en S\\u00e3o Paulo. Su principal misi\\u00f3n era valorar y dignificar a los inmigrantes menos favorecidos, ofreciendo apoyo a los ancianos necesitados y a los marginados sociales. Para estas personas, la experiencia de la inmigraci\\u00f3n representaba una realidad ardua y compleja.<\\\/p><p>A lo largo de m\\u00e1s de 40 a\\u00f1os de actividad ininterrumpida, la organizaci\\u00f3n ha acumulado una valiosa experiencia y una s\\u00f3lida estructura, que incluye una sede, un equipo de profesionales dedicados y un grupo de voluntarios comprometidos. Rosal\\u00eda de Castro ha trabajado incansablemente para prestar asistencia y apoyo a la comunidad necesitada.<\\\/p>\"}}]}<\/script>\n\t\t\t\t\t<\/div>\n\t\t\t\t<\/div>\n\t\t\t\t<\/div>\n\t\t\t\t\t<\/div>\n\t\t<\/div>\n\t\t\t\t\t<\/div>\n\t\t<\/section>\n\t\t\t\t<\/div>\n\t\t","protected":false},"excerpt":{"rendered":"<p>Acciones y posicionamiento La Responsabilidad Social aqu\u00ed en Pousada Prado Advogados Asociados es un compromiso fundamental que trasciende la prestaci\u00f3n de servicios legales, extendi\u00e9ndose al compromiso activo y \u00e9tico con la comunidad y el medio ambiente. Adem\u00e1s de representar y defender los intereses legales de los clientes, los abogados tienen la responsabilidad de contribuir positivamente&#8230;<\/p>\n","protected":false},"author":1,"featured_media":989528,"parent":0,"menu_order":0,"comment_status":"closed","ping_status":"closed","template":"","meta":{"inline_featured_image":false,"footnotes":""},"class_list":["post-989552","page","type-page","status-publish","has-post-thumbnail","hentry"],"yoast_head":"<!-- This site is optimized with the Yoast SEO Premium plugin v21.3 (Yoast SEO v22.3) - https:\/\/yoast.com\/wordpress\/plugins\/seo\/ -->\n<title>Responsabilidad Social - Pousada Prado<\/title>\n<meta name=\"robots\" content=\"index, follow, max-snippet:-1, max-image-preview:large, max-video-preview:-1\" \/>\n<link rel=\"canonical\" href=\"https:\/\/pousadaprado.adv.br\/es\/responsabilidad-social\/\" \/>\n<meta property=\"og:locale\" content=\"es_ES\" \/>\n<meta property=\"og:type\" content=\"article\" \/>\n<meta property=\"og:title\" content=\"Responsabilidad Social\" \/>\n<meta property=\"og:description\" content=\"Acciones y posicionamiento La Responsabilidad Social aqu\u00ed en Pousada Prado Advogados Asociados es un compromiso fundamental que trasciende la prestaci\u00f3n de servicios legales, extendi\u00e9ndose al compromiso activo y \u00e9tico con la comunidad y el medio ambiente. Adem\u00e1s de representar y defender los intereses legales de los clientes, los abogados tienen la responsabilidad de contribuir positivamente...\" \/>\n<meta property=\"og:url\" content=\"https:\/\/pousadaprado.adv.br\/es\/responsabilidad-social\/\" \/>\n<meta property=\"og:site_name\" content=\"Pousada Prado\" \/>\n<meta property=\"article:modified_time\" content=\"2024-08-27T18:23:13+00:00\" \/>\n<meta property=\"og:image\" content=\"https:\/\/pousadaprado.adv.br\/wp-content\/uploads\/2024\/05\/responsabilidade-social-pousada-prado.png\" \/>\n\t<meta property=\"og:image:width\" content=\"1920\" \/>\n\t<meta property=\"og:image:height\" content=\"400\" \/>\n\t<meta property=\"og:image:type\" content=\"image\/png\" \/>\n<meta name=\"twitter:card\" content=\"summary_large_image\" \/>\n<meta name=\"twitter:label1\" content=\"Tiempo de lectura\" \/>\n\t<meta name=\"twitter:data1\" content=\"2 minutos\" \/>\n<script type=\"application\/ld+json\" class=\"yoast-schema-graph\">{\"@context\":\"https:\/\/schema.org\",\"@graph\":[{\"@type\":\"WebPage\",\"@id\":\"https:\/\/pousadaprado.adv.br\/es\/responsabilidad-social\/\",\"url\":\"https:\/\/pousadaprado.adv.br\/es\/responsabilidad-social\/\",\"name\":\"Responsabilidad Social - Pousada Prado\",\"isPartOf\":{\"@id\":\"https:\/\/pousadaprado.adv.br\/#website\"},\"primaryImageOfPage\":{\"@id\":\"https:\/\/pousadaprado.adv.br\/es\/responsabilidad-social\/#primaryimage\"},\"image\":{\"@id\":\"https:\/\/pousadaprado.adv.br\/es\/responsabilidad-social\/#primaryimage\"},\"thumbnailUrl\":\"https:\/\/pousadaprado.adv.br\/wp-content\/uploads\/2024\/05\/responsabilidade-social-pousada-prado.png\",\"datePublished\":\"2023-10-03T18:56:14+00:00\",\"dateModified\":\"2024-08-27T18:23:13+00:00\",\"breadcrumb\":{\"@id\":\"https:\/\/pousadaprado.adv.br\/es\/responsabilidad-social\/#breadcrumb\"},\"inLanguage\":\"es\",\"potentialAction\":[{\"@type\":\"ReadAction\",\"target\":[\"https:\/\/pousadaprado.adv.br\/es\/responsabilidad-social\/\"]}]},{\"@type\":\"ImageObject\",\"inLanguage\":\"es\",\"@id\":\"https:\/\/pousadaprado.adv.br\/es\/responsabilidad-social\/#primaryimage\",\"url\":\"https:\/\/pousadaprado.adv.br\/wp-content\/uploads\/2024\/05\/responsabilidade-social-pousada-prado.png\",\"contentUrl\":\"https:\/\/pousadaprado.adv.br\/wp-content\/uploads\/2024\/05\/responsabilidade-social-pousada-prado.png\",\"width\":1920,\"height\":400},{\"@type\":\"BreadcrumbList\",\"@id\":\"https:\/\/pousadaprado.adv.br\/es\/responsabilidad-social\/#breadcrumb\",\"itemListElement\":[{\"@type\":\"ListItem\",\"position\":1,\"name\":\"In\u00edcio\",\"item\":\"https:\/\/pousadaprado.adv.br\/\"},{\"@type\":\"ListItem\",\"position\":2,\"name\":\"Responsabilidad Social\"}]},{\"@type\":\"WebSite\",\"@id\":\"https:\/\/pousadaprado.adv.br\/#website\",\"url\":\"https:\/\/pousadaprado.adv.br\/\",\"name\":\"Pousada Prado\",\"description\":\"Advogados Associados\",\"publisher\":{\"@id\":\"https:\/\/pousadaprado.adv.br\/#organization\"},\"potentialAction\":[{\"@type\":\"SearchAction\",\"target\":{\"@type\":\"EntryPoint\",\"urlTemplate\":\"https:\/\/pousadaprado.adv.br\/?s={search_term_string}\"},\"query-input\":\"required name=search_term_string\"}],\"inLanguage\":\"es\"},{\"@type\":\"Organization\",\"@id\":\"https:\/\/pousadaprado.adv.br\/#organization\",\"name\":\"Pousada Prado\",\"url\":\"https:\/\/pousadaprado.adv.br\/\",\"logo\":{\"@type\":\"ImageObject\",\"inLanguage\":\"es\",\"@id\":\"https:\/\/pousadaprado.adv.br\/#\/schema\/logo\/image\/\",\"url\":\"https:\/\/pousadaprado.adv.br\/wp-content\/uploads\/2023\/09\/PPAA_logotipo-horizontal-principal.svg\",\"contentUrl\":\"https:\/\/pousadaprado.adv.br\/wp-content\/uploads\/2023\/09\/PPAA_logotipo-horizontal-principal.svg\",\"width\":348,\"height\":52,\"caption\":\"Pousada Prado\"},\"image\":{\"@id\":\"https:\/\/pousadaprado.adv.br\/#\/schema\/logo\/image\/\"},\"sameAs\":[\"https:\/\/linkedin.com\/company\/pousada-benassi-advogados-associados\/about\/\"]}]}<\/script>\n<!-- \/ Yoast SEO Premium plugin. -->","yoast_head_json":{"title":"Responsabilidad Social - Pousada Prado","robots":{"index":"index","follow":"follow","max-snippet":"max-snippet:-1","max-image-preview":"max-image-preview:large","max-video-preview":"max-video-preview:-1"},"canonical":"https:\/\/pousadaprado.adv.br\/es\/responsabilidad-social\/","og_locale":"es_ES","og_type":"article","og_title":"Responsabilidad Social","og_description":"Acciones y posicionamiento La Responsabilidad Social aqu\u00ed en Pousada Prado Advogados Asociados es un compromiso fundamental que trasciende la prestaci\u00f3n de servicios legales, extendi\u00e9ndose al compromiso activo y \u00e9tico con la comunidad y el medio ambiente. Adem\u00e1s de representar y defender los intereses legales de los clientes, los abogados tienen la responsabilidad de contribuir positivamente...","og_url":"https:\/\/pousadaprado.adv.br\/es\/responsabilidad-social\/","og_site_name":"Pousada Prado","article_modified_time":"2024-08-27T18:23:13+00:00","og_image":[{"width":1920,"height":400,"url":"https:\/\/pousadaprado.adv.br\/wp-content\/uploads\/2024\/05\/responsabilidade-social-pousada-prado.png","type":"image\/png"}],"twitter_card":"summary_large_image","twitter_misc":{"Tiempo de lectura":"2 minutos"},"schema":{"@context":"https:\/\/schema.org","@graph":[{"@type":"WebPage","@id":"https:\/\/pousadaprado.adv.br\/es\/responsabilidad-social\/","url":"https:\/\/pousadaprado.adv.br\/es\/responsabilidad-social\/","name":"Responsabilidad Social - Pousada Prado","isPartOf":{"@id":"https:\/\/pousadaprado.adv.br\/#website"},"primaryImageOfPage":{"@id":"https:\/\/pousadaprado.adv.br\/es\/responsabilidad-social\/#primaryimage"},"image":{"@id":"https:\/\/pousadaprado.adv.br\/es\/responsabilidad-social\/#primaryimage"},"thumbnailUrl":"https:\/\/pousadaprado.adv.br\/wp-content\/uploads\/2024\/05\/responsabilidade-social-pousada-prado.png","datePublished":"2023-10-03T18:56:14+00:00","dateModified":"2024-08-27T18:23:13+00:00","breadcrumb":{"@id":"https:\/\/pousadaprado.adv.br\/es\/responsabilidad-social\/#breadcrumb"},"inLanguage":"es","potentialAction":[{"@type":"ReadAction","target":["https:\/\/pousadaprado.adv.br\/es\/responsabilidad-social\/"]}]},{"@type":"ImageObject","inLanguage":"es","@id":"https:\/\/pousadaprado.adv.br\/es\/responsabilidad-social\/#primaryimage","url":"https:\/\/pousadaprado.adv.br\/wp-content\/uploads\/2024\/05\/responsabilidade-social-pousada-prado.png","contentUrl":"https:\/\/pousadaprado.adv.br\/wp-content\/uploads\/2024\/05\/responsabilidade-social-pousada-prado.png","width":1920,"height":400},{"@type":"BreadcrumbList","@id":"https:\/\/pousadaprado.adv.br\/es\/responsabilidad-social\/#breadcrumb","itemListElement":[{"@type":"ListItem","position":1,"name":"In\u00edcio","item":"https:\/\/pousadaprado.adv.br\/"},{"@type":"ListItem","position":2,"name":"Responsabilidad Social"}]},{"@type":"WebSite","@id":"https:\/\/pousadaprado.adv.br\/#website","url":"https:\/\/pousadaprado.adv.br\/","name":"Pousada Prado","description":"Advogados Associados","publisher":{"@id":"https:\/\/pousadaprado.adv.br\/#organization"},"potentialAction":[{"@type":"SearchAction","target":{"@type":"EntryPoint","urlTemplate":"https:\/\/pousadaprado.adv.br\/?s={search_term_string}"},"query-input":"required name=search_term_string"}],"inLanguage":"es"},{"@type":"Organization","@id":"https:\/\/pousadaprado.adv.br\/#organization","name":"Pousada Prado","url":"https:\/\/pousadaprado.adv.br\/","logo":{"@type":"ImageObject","inLanguage":"es","@id":"https:\/\/pousadaprado.adv.br\/#\/schema\/logo\/image\/","url":"https:\/\/pousadaprado.adv.br\/wp-content\/uploads\/2023\/09\/PPAA_logotipo-horizontal-principal.svg","contentUrl":"https:\/\/pousadaprado.adv.br\/wp-content\/uploads\/2023\/09\/PPAA_logotipo-horizontal-principal.svg","width":348,"height":52,"caption":"Pousada Prado"},"image":{"@id":"https:\/\/pousadaprado.adv.br\/#\/schema\/logo\/image\/"},"sameAs":["https:\/\/linkedin.com\/company\/pousada-benassi-advogados-associados\/about\/"]}]}},"_links":{"self":[{"href":"https:\/\/pousadaprado.adv.br\/es\/wp-json\/wp\/v2\/pages\/989552"}],"collection":[{"href":"https:\/\/pousadaprado.adv.br\/es\/wp-json\/wp\/v2\/pages"}],"about":[{"href":"https:\/\/pousadaprado.adv.br\/es\/wp-json\/wp\/v2\/types\/page"}],"author":[{"embeddable":true,"href":"https:\/\/pousadaprado.adv.br\/es\/wp-json\/wp\/v2\/users\/1"}],"replies":[{"embeddable":true,"href":"https:\/\/pousadaprado.adv.br\/es\/wp-json\/wp\/v2\/comments?post=989552"}],"version-history":[{"count":7,"href":"https:\/\/pousadaprado.adv.br\/es\/wp-json\/wp\/v2\/pages\/989552\/revisions"}],"predecessor-version":[{"id":989825,"href":"https:\/\/pousadaprado.adv.br\/es\/wp-json\/wp\/v2\/pages\/989552\/revisions\/989825"}],"wp:featuredmedia":[{"embeddable":true,"href":"https:\/\/pousadaprado.adv.br\/es\/wp-json\/wp\/v2\/media\/989528"}],"wp:attachment":[{"href":"https:\/\/pousadaprado.adv.br\/es\/wp-json\/wp\/v2\/media?parent=989552"}],"curies":[{"name":"wp","href":"https:\/\/api.w.org\/{rel}","templated":true}]}}